{"id":18102,"date":"2026-03-16T15:43:47","date_gmt":"2026-03-16T14:43:47","guid":{"rendered":"https:\/\/www.malartic-lagraviere.com\/?page_id=18102"},"modified":"2026-03-16T15:43:47","modified_gmt":"2026-03-16T14:43:47","slug":"le-comte-de-malartic-2025-blanc","status":"publish","type":"page","link":"https:\/\/www.malartic-lagraviere.com\/en\/le-comte-de-malartic-2025-blanc\/","title":{"rendered":"Le Comte de Malartic 2025 blanc"},"content":{"rendered":"","protected":false},"excerpt":{"rendered":"","protected":false},"author":3,"featured_media":0,"parent":0,"menu_order":2025,"comment_status":"closed","ping_status":"closed","template":"templates\/millesime.php","meta":{"_acf_changed":false,"inline_featured_image":false,"footnotes":""},"class_list":["post-18102","page","type-page","status-publish","hentry"],"acf":[],"yoast_head":"<!-- This site is optimized with the Yoast SEO plugin v25.6 - https:\/\/yoast.com\/wordpress\/plugins\/seo\/ -->\n<title>Le Comte 2025 blanc - Ch\u00e2teau Malartic Lagravi\u00e8re<\/title>\n<meta name=\"description\" content=\"D\u00e9couvrez notre vin blanc Le comte de l&#039;ann\u00e9e 2025. Apprenez-en davantage sur son assemblage, ses dates de vendanges et ses notes de presse\" \/>\n<meta name=\"robots\" content=\"index, follow, max-snippet:-1, max-image-preview:large, max-video-preview:-1\" \/>\n<link rel=\"canonical\" href=\"https:\/\/www.malartic-lagraviere.com\/en\/le-comte-de-malartic-2025-blanc\/\" \/>\n<meta property=\"og:locale\" content=\"en_US\" \/>\n<meta property=\"og:type\" content=\"article\" \/>\n<meta property=\"og:title\" content=\"Le Comte 2025 blanc - Ch\u00e2teau Malartic Lagravi\u00e8re\" \/>\n<meta property=\"og:description\" content=\"D\u00e9couvrez notre vin blanc Le comte de l&#039;ann\u00e9e 2025. Apprenez-en davantage sur son assemblage, ses dates de vendanges et ses notes de presse\" \/>\n<meta property=\"og:url\" content=\"https:\/\/www.malartic-lagraviere.com\/en\/le-comte-de-malartic-2025-blanc\/\" \/>\n<meta property=\"og:site_name\" content=\"Malartic Lagravi\u00e8re\" \/>\n<meta property=\"article:publisher\" content=\"https:\/\/www.facebook.com\/Malartic.Lagraviere\/\" \/>\n<meta name=\"twitter:card\" content=\"summary_large_image\" \/>\n<script type=\"application\/ld+json\" class=\"yoast-schema-graph\">{\"@context\":\"https:\/\/schema.org\",\"@graph\":[{\"@type\":\"WebPage\",\"@id\":\"https:\/\/www.malartic-lagraviere.com\/en\/le-comte-de-malartic-2025-blanc\/\",\"url\":\"https:\/\/www.malartic-lagraviere.com\/en\/le-comte-de-malartic-2025-blanc\/\",\"name\":\"Le Comte 2025 blanc - Ch\u00e2teau Malartic Lagravi\u00e8re\",\"isPartOf\":{\"@id\":\"https:\/\/www.malartic-lagraviere.com\/en\/#website\"},\"datePublished\":\"2026-03-16T14:43:47+00:00\",\"description\":\"D\u00e9couvrez notre vin blanc Le comte de l'ann\u00e9e 2025. Apprenez-en davantage sur son assemblage, ses dates de vendanges et ses notes de presse\",\"breadcrumb\":{\"@id\":\"https:\/\/www.malartic-lagraviere.com\/en\/le-comte-de-malartic-2025-blanc\/#breadcrumb\"},\"inLanguage\":\"en-US\",\"potentialAction\":[{\"@type\":\"ReadAction\",\"target\":[\"https:\/\/www.malartic-lagraviere.com\/en\/le-comte-de-malartic-2025-blanc\/\"]}]},{\"@type\":\"BreadcrumbList\",\"@id\":\"https:\/\/www.malartic-lagraviere.com\/en\/le-comte-de-malartic-2025-blanc\/#breadcrumb\",\"itemListElement\":[{\"@type\":\"ListItem\",\"position\":1,\"name\":\"Accueil\",\"item\":\"https:\/\/www.malartic-lagraviere.com\/en\/\"},{\"@type\":\"ListItem\",\"position\":2,\"name\":\"Le Comte de Malartic 2025 blanc\"}]},{\"@type\":\"WebSite\",\"@id\":\"https:\/\/www.malartic-lagraviere.com\/en\/#website\",\"url\":\"https:\/\/www.malartic-lagraviere.com\/en\/\",\"name\":\"Malartic Lagravi\u00e8re\",\"description\":\"Un site utilisant WordPress\",\"potentialAction\":[{\"@type\":\"SearchAction\",\"target\":{\"@type\":\"EntryPoint\",\"urlTemplate\":\"https:\/\/www.malartic-lagraviere.com\/en\/?s={search_term_string}\"},\"query-input\":{\"@type\":\"PropertyValueSpecification\",\"valueRequired\":true,\"valueName\":\"search_term_string\"}}],\"inLanguage\":\"en-US\"}]}<\/script>\n<!-- \/ Yoast SEO plugin. -->","yoast_head_json":{"title":"Le Comte 2025 blanc - Ch\u00e2teau Malartic Lagravi\u00e8re","description":"D\u00e9couvrez notre vin blanc Le comte de l'ann\u00e9e 2025. Apprenez-en davantage sur son assemblage, ses dates de vendanges et ses notes de presse","robots":{"index":"index","follow":"follow","max-snippet":"max-snippet:-1","max-image-preview":"max-image-preview:large","max-video-preview":"max-video-preview:-1"},"canonical":"https:\/\/www.malartic-lagraviere.com\/en\/le-comte-de-malartic-2025-blanc\/","og_locale":"en_US","og_type":"article","og_title":"Le Comte 2025 blanc - Ch\u00e2teau Malartic Lagravi\u00e8re","og_description":"D\u00e9couvrez notre vin blanc Le comte de l'ann\u00e9e 2025. Apprenez-en davantage sur son assemblage, ses dates de vendanges et ses notes de presse","og_url":"https:\/\/www.malartic-lagraviere.com\/en\/le-comte-de-malartic-2025-blanc\/","og_site_name":"Malartic Lagravi\u00e8re","article_publisher":"https:\/\/www.facebook.com\/Malartic.Lagraviere\/","twitter_card":"summary_large_image","schema":{"@context":"https:\/\/schema.org","@graph":[{"@type":"WebPage","@id":"https:\/\/www.malartic-lagraviere.com\/en\/le-comte-de-malartic-2025-blanc\/","url":"https:\/\/www.malartic-lagraviere.com\/en\/le-comte-de-malartic-2025-blanc\/","name":"Le Comte 2025 blanc - Ch\u00e2teau Malartic Lagravi\u00e8re","isPartOf":{"@id":"https:\/\/www.malartic-lagraviere.com\/en\/#website"},"datePublished":"2026-03-16T14:43:47+00:00","description":"D\u00e9couvrez notre vin blanc Le comte de l'ann\u00e9e 2025. Apprenez-en davantage sur son assemblage, ses dates de vendanges et ses notes de presse","breadcrumb":{"@id":"https:\/\/www.malartic-lagraviere.com\/en\/le-comte-de-malartic-2025-blanc\/#breadcrumb"},"inLanguage":"en-US","potentialAction":[{"@type":"ReadAction","target":["https:\/\/www.malartic-lagraviere.com\/en\/le-comte-de-malartic-2025-blanc\/"]}]},{"@type":"BreadcrumbList","@id":"https:\/\/www.malartic-lagraviere.com\/en\/le-comte-de-malartic-2025-blanc\/#breadcrumb","itemListElement":[{"@type":"ListItem","position":1,"name":"Accueil","item":"https:\/\/www.malartic-lagraviere.com\/en\/"},{"@type":"ListItem","position":2,"name":"Le Comte de Malartic 2025 blanc"}]},{"@type":"WebSite","@id":"https:\/\/www.malartic-lagraviere.com\/en\/#website","url":"https:\/\/www.malartic-lagraviere.com\/en\/","name":"Malartic Lagravi\u00e8re","description":"Un site utilisant WordPress","potentialAction":[{"@type":"SearchAction","target":{"@type":"EntryPoint","urlTemplate":"https:\/\/www.malartic-lagraviere.com\/en\/?s={search_term_string}"},"query-input":{"@type":"PropertyValueSpecification","valueRequired":true,"valueName":"search_term_string"}}],"inLanguage":"en-US"}]}},"_links":{"self":[{"href":"https:\/\/www.malartic-lagraviere.com\/en\/wp-json\/wp\/v2\/pages\/18102"}],"collection":[{"href":"https:\/\/www.malartic-lagraviere.com\/en\/wp-json\/wp\/v2\/pages"}],"about":[{"href":"https:\/\/www.malartic-lagraviere.com\/en\/wp-json\/wp\/v2\/types\/page"}],"author":[{"embeddable":true,"href":"https:\/\/www.malartic-lagraviere.com\/en\/wp-json\/wp\/v2\/users\/3"}],"replies":[{"embeddable":true,"href":"https:\/\/www.malartic-lagraviere.com\/en\/wp-json\/wp\/v2\/comments?post=18102"}],"version-history":[{"count":1,"href":"https:\/\/www.malartic-lagraviere.com\/en\/wp-json\/wp\/v2\/pages\/18102\/revisions"}],"predecessor-version":[{"id":18108,"href":"https:\/\/www.malartic-lagraviere.com\/en\/wp-json\/wp\/v2\/pages\/18102\/revisions\/18108"}],"wp:attachment":[{"href":"https:\/\/www.malartic-lagraviere.com\/en\/wp-json\/wp\/v2\/media?parent=18102"}],"curies":[{"name":"wp","href":"https:\/\/api.w.org\/{rel}","templated":true}]}}